{"id":237,"date":"2020-01-06T16:53:37","date_gmt":"2020-01-06T16:53:37","guid":{"rendered":"https:\/\/staging.adler-erhalten.de\/?page_id=237"},"modified":"2025-08-19T12:11:41","modified_gmt":"2025-08-19T12:11:41","slug":"pflug-und-segen","status":"publish","type":"page","link":"https:\/\/adler-kultur.de\/index.php\/pflug-und-segen\/","title":{"rendered":"Pflug und Segen"},"content":{"rendered":"<div class=\"wp-block-image is-resized tw-mb-6\">\n<figure class=\"aligncenter size-large\"><img loading=\"lazy\" decoding=\"async\" width=\"591\" height=\"591\" src=\"https:\/\/adler-kultur.de\/wp-content\/uploads\/2021\/03\/Element-3.png\" alt=\"\" class=\"wp-image-1266\" style=\"width:387px;height:auto\" srcset=\"https:\/\/adler-kultur.de\/wp-content\/uploads\/2021\/03\/Element-3.png 591w, https:\/\/adler-kultur.de\/wp-content\/uploads\/2021\/03\/Element-3-300x300.png 300w, https:\/\/adler-kultur.de\/wp-content\/uploads\/2021\/03\/Element-3-150x150.png 150w, https:\/\/adler-kultur.de\/wp-content\/uploads\/2021\/03\/Element-3-180x180.png 180w\" sizes=\"auto, (max-width: 591px) 100vw, 591px\" \/><\/figure>\n<\/div>\n\n\n<hr class=\"wp-block-separator has-alpha-channel-opacity is-style-default\"\/>\n\n\n\n<p class=\"has-white-color has-text-color has-normal-font-size\"><strong>Mit \u201ePflug und Segen\u201d startete 2020 eine neue Veranstaltungsreihe am Niederrhein mit dickem Herzen f\u00fcr Indie-Musik &amp; Landluft. Gro\u00dfstadtkl\u00e4nge auf das Dorf lotsen, so der Plan. Eine Win-win-Situation: F\u00fcr die K\u00fcnstler gibt es Frischluft und Applaus. F\u00fcr uns unvergessliche Abende.<\/strong><\/p>\n\n\n\n<p class=\"has-drop-cap has-white-color has-text-color\">Nach ausverkaufter Premiere mit Pohlmann folgte dann die Corona -Zwangspause. Wann immer es m\u00f6glich war, haben wir Konzerte stattfinden lassen. Dass wir daf\u00fcr mehrfach Konzerte schieben mussten oder teilweise komplett neu planen geh\u00f6rte dann eben auch dazu. Die Rheinische Post hat dazu in den Artikeln &#8222;<a href=\"https:\/\/rp-online.de\/nrw\/staedte\/rheinberg\/rheiberg-pflug-und-segen-bringt-die-grossstadt-szene-aufs-dorf_aid-55989479\" target=\"_blank\" rel=\"noreferrer noopener\"><strong><em>Die Gro\u00dfstadt-Szene kommt aufs Dorf<\/em><\/strong><\/a>&#8220; und <a href=\"https:\/\/rp-online.de\/nrw\/staedte\/rheinberg\/rheinberg-geschichten-am-dorf-lagerfeuer_aid-65306669\" target=\"_blank\" rel=\"noreferrer noopener\">&#8222;<strong><em>Geschichten am Dorf-Lagerfeuer<\/em><\/strong><\/a>&#8220; berichtet. Knapp 2 Jahre und einige Konzerte und Lesungen sp\u00e4ter k\u00f6nnen wir heute sagen, dass wir auch nach all den Umst\u00e4nden noch da sind und weiter riesen Bock auf unsere Mission haben.<\/p>\n\n\n\n<p class=\"has-white-color has-text-color\">Unsere Location ist der Schwarze Adler in Rheinberg. D\u00f6rflich zentral, schnuckelig und als Genossenschaft aus G\u00e4sten und supportern organisiert. Bekanntester Genosse ist wohl Helge Schneider. Beste Startbedingungen, um zum monatlichen Wohnzimmer f\u00fcr genre\u00fcbergreifende Kl\u00e4nge abseits des Mainstreams zu werden. Und das mit jeder Menge Ackergold in Form von Indie-Rock, Pop und Elektro.<\/p>\n\n\n\n<figure class=\"wp-block-video\"><video height=\"848\" style=\"aspect-ratio: 848 \/ 848;\" width=\"848\" controls src=\"https:\/\/adler-kultur.de\/wp-content\/uploads\/2024\/01\/pflug-und-segen.mp4\"><\/video><\/figure>\n\n\n\n<p class=\"has-white-color has-text-color\">Ein dickes Dankesch\u00f6n f\u00fcr wunderbare Abende geht an: Pohlmann, Flo Mega, Maxim, Stoppok, Wallis Bird, Plewka &amp; Schmedtje, Tigermilch, Mina Richman, Paul Gerlinger, Sophie Chasse\u00e9, Kai Schumacher, Gregor McEwan, Bernd Begemann, Alex Mayr, June Coco, Stina Holmquist, Dominik Bloh, So Soon, Philipp Eisenbl\u00e4tter, Matze Rossi, Shift Happens, Lunates, Acht Tage frei und an alle, die dabei waren und uns auf unserer Mission eifrig unterst\u00fctzen. Danke!<\/p>\n\n\n\n<p class=\"has-white-color has-text-color\"><strong>Zeit, dass mehr Gro\u00dfstadtkl\u00e4nge Landluft schnuppern. Zeit f\u00fcr Pflug und Segen. Wir sehen uns \u2764\ufe0f<\/strong>&nbsp;<\/p>\n\n\n\n<hr class=\"wp-block-separator has-alpha-channel-opacity\"\/>\n\n\n\n<h2 class=\"wp-block-heading\">NEXT SHOWS<\/h2>\n\n\n\n<h2 class=\"wp-block-heading\">Pflug &amp; Segen Festival<\/h2>\n\n\n\n<figure class=\"wp-block-image size-full\"><img loading=\"lazy\" decoding=\"async\" width=\"1600\" height=\"800\" src=\"https:\/\/adler-kultur.de\/wp-content\/uploads\/2025\/08\/WhatsApp-Image-2025-08-18-at-17.57.08.jpeg\" alt=\"\" class=\"wp-image-16052\" srcset=\"https:\/\/adler-kultur.de\/wp-content\/uploads\/2025\/08\/WhatsApp-Image-2025-08-18-at-17.57.08.jpeg 1600w, https:\/\/adler-kultur.de\/wp-content\/uploads\/2025\/08\/WhatsApp-Image-2025-08-18-at-17.57.08-300x150.jpeg 300w, https:\/\/adler-kultur.de\/wp-content\/uploads\/2025\/08\/WhatsApp-Image-2025-08-18-at-17.57.08-1024x512.jpeg 1024w, https:\/\/adler-kultur.de\/wp-content\/uploads\/2025\/08\/WhatsApp-Image-2025-08-18-at-17.57.08-768x384.jpeg 768w, https:\/\/adler-kultur.de\/wp-content\/uploads\/2025\/08\/WhatsApp-Image-2025-08-18-at-17.57.08-1536x768.jpeg 1536w\" sizes=\"auto, (max-width: 1600px) 100vw, 1600px\" \/><\/figure>\n\n\n\n<p class=\"has-white-color has-text-color\">Wir freuen uns wahnsinnig auf den November! Unser erstes kleines Festival. Und dann gleich in in so einer coolen Locatio und mit so tollen K\u00fcnstlern \ud83c\udf3e\ud83d\ude9c\ud83d\udc9b Der VVK l\u00e4uft bereits. Wir hoffen, dass ihr das Line Up genau so feiert wie wir und dass wir euch im November sehen \ud83d\udc9b Tickets gibt es \u00fcber den Link \u2728<\/p>\n\n\n\n<div class=\"wp-block-buttons is-layout-flex wp-block-buttons-is-layout-flex\">\n<div class=\"wp-block-button\"><a class=\"wp-block-button__link wp-element-button\" href=\"https:\/\/www.eventim-light.com\/de\/a\/5a12ebf9da84720496b667e5\/e\/68934bcd1d2a3e30aa6185d0\" target=\"_blank\" rel=\"noreferrer noopener\">TICKETS<\/a><\/div>\n<\/div>\n\n\n\n<h2 class=\"wp-block-heading\">FLO MEGA | 20. September<\/h2>\n\n\n\n<figure class=\"wp-block-image\"><img loading=\"lazy\" decoding=\"async\" width=\"960\" height=\"540\" src=\"https:\/\/adler-kultur.de\/wp-content\/uploads\/2025\/02\/Kopie-von-Kopie-von-Kopie-von-Kopie-von-Kopie-von-Kopie-von-Kopie-von-Kopie-von-Kopie-von-Foto-Sonnenuntergang-DIE-PARTY-1920-x-1080-px.png\" alt=\"\" class=\"wp-image-3138\" srcset=\"https:\/\/adler-kultur.de\/wp-content\/uploads\/2025\/02\/Kopie-von-Kopie-von-Kopie-von-Kopie-von-Kopie-von-Kopie-von-Kopie-von-Kopie-von-Kopie-von-Foto-Sonnenuntergang-DIE-PARTY-1920-x-1080-px.png 960w, https:\/\/adler-kultur.de\/wp-content\/uploads\/2025\/02\/Kopie-von-Kopie-von-Kopie-von-Kopie-von-Kopie-von-Kopie-von-Kopie-von-Kopie-von-Kopie-von-Foto-Sonnenuntergang-DIE-PARTY-1920-x-1080-px-300x169.png 300w, https:\/\/adler-kultur.de\/wp-content\/uploads\/2025\/02\/Kopie-von-Kopie-von-Kopie-von-Kopie-von-Kopie-von-Kopie-von-Kopie-von-Kopie-von-Kopie-von-Foto-Sonnenuntergang-DIE-PARTY-1920-x-1080-px-768x432.png 768w\" sizes=\"auto, (max-width: 960px) 100vw, 960px\" \/><\/figure>\n\n\n\n<p class=\"has-white-color has-text-color\">Flo Mega ist ein Musiker und K\u00fcnstler, der das Leben auf seine eigene, unkonventionelle Weise versteht \u2013 weit abseits des Gew\u00f6hnlichen. Er ist ein K\u00fcnstler, der die Vielfalt der Perspektiven als seinen wahren Reichtum sieht und immer wieder aufs Neue beweist, dass Musik die Kraft hat, Menschen zu verbinden und zu inspirieren. <\/p>\n\n\n\n<div class=\"wp-block-buttons is-layout-flex wp-block-buttons-is-layout-flex\">\n<div class=\"wp-block-button\"><a class=\"wp-block-button__link wp-element-button\" href=\"https:\/\/www.eventim-light.com\/de\/a\/5a12ebf9da84720496b667e5\/e\/67966e65b3d730624dac660f\">TICKETS<\/a><\/div>\n<\/div>\n\n\n\n<hr class=\"wp-block-separator has-alpha-channel-opacity\"\/>\n\n\n\n<h3 class=\"wp-block-heading\">WICHTIGES ZU UNSEREM WOHNZIMMER<\/h3>\n\n\n\n<p class=\"has-white-color has-text-color\">Bei unseren Events ist uns ein respektvoller und sicherer Umgang besonders wichtig. <strong>Diskriminierung jeglicher Art \u2013 sei es aufgrund von Geschlecht, Herkunft, Religion oder sexueller Orientierung \u2013 hat bei uns keinen Platz! <\/strong>Bitte schaut auch unter Locations (<strong><a href=\"https:\/\/adler-kultur.de\/index.php\/location\/\"><em>hier der Link<\/em><\/a>)<\/strong> f\u00fcr weitere Informationen. Ihr findet unter Locations auch Infos zum Restaurant, sowie zu Hotels in der Umgebung und Taxianbietern.<\/p>\n\n\n\n<hr class=\"wp-block-separator has-alpha-channel-opacity\"\/>\n\n\n\n<figure class=\"wp-block-image size-full\"><img loading=\"lazy\" decoding=\"async\" width=\"470\" height=\"394\" src=\"https:\/\/adler-kultur.de\/wp-content\/uploads\/2025\/02\/Wohni3.png\" alt=\"\" class=\"wp-image-3153\" srcset=\"https:\/\/adler-kultur.de\/wp-content\/uploads\/2025\/02\/Wohni3.png 470w, https:\/\/adler-kultur.de\/wp-content\/uploads\/2025\/02\/Wohni3-300x251.png 300w\" sizes=\"auto, (max-width: 470px) 100vw, 470px\" \/><\/figure>\n\n\n\n<h2 class=\"wp-block-heading\">UNSERE PRINZIPIEN<\/h2>\n\n\n\n<p class=\"has-white-color has-text-color\"><strong>Kulturangebot statt Umsatzmaximierung: <\/strong>Wir stellen unsere zeitliche Investition in ein breites kulturelles Angebot vor jeglichen finanziellen Nutzen. <\/p>\n\n\n\n<p class=\"has-white-color has-text-color\"><strong>Pluralit\u00e4t statt Einf\u00e4ltigkeit<\/strong>: Wir unterst\u00fctzen Nische, Kleinkunst und co. damit die nicht so bekannten T\u00f6ne, Stimmen und Bilder in Musik, Literatur und Kunst nicht aus dem Blickwinkel fallen. <\/p>\n\n\n\n<p class=\"has-white-color has-text-color\"><strong>Gleichheit statt Bevorteilung:<\/strong> Wir setzen auf ein ausgewogenes Programm. Mehr K\u00fcnstlerinnen statt ausschlie\u00dflich K\u00fcnstler. Lokal und regional neben Stars der Szene. <\/p>\n\n\n\n<hr class=\"wp-block-separator has-alpha-channel-opacity\"\/>\n\n\n\n<h2 class=\"wp-block-heading\">KULTUR-SUPPORT<\/h2>\n\n\n\n<p class=\"has-white-color has-text-color\">Wir sind ein gemeinn\u00fctziger Verein (Kulturinitiative Schwerer Adler e.V.) und haben in unserer Satzung fest verankert, dass wir die Kultur am linken Niederrhein f\u00f6rdern. Wer das gut und Kulturf\u00f6rderung in l\u00e4ndlichen Regionen wichtig findet, der kann uns gerne unterst\u00fctzen. Hier ein paar Infos dazu:<\/p>\n\n\n<div id=\"metaslider-id-3076\" style=\"width: 100%;\" class=\"ml-slider-3-97-0 metaslider metaslider-flex metaslider-3076 ml-slider ms-theme-default-base has-dots-nav\" role=\"region\" aria-roledescription=\"Slideshow\" aria-label=\"Kultur unterst\u00fctzen\" data-width=\"600\">\n    <div id=\"metaslider_container_3076\">\n        <div id=\"metaslider_3076\">\n            <ul class='slides'>\n                <li style=\"display: block; width: 100%;\" class=\"slide-3077 ms-image \" aria-roledescription=\"slide\" aria-label=\"slide-3077\" data-date=\"2024-12-09 19:23:04\"><img loading=\"lazy\" decoding=\"async\" src=\"https:\/\/adler-kultur.de\/wp-content\/uploads\/2024\/12\/WhatsApp-Image-2024-12-09-at-15.09.29-600x600.jpeg\" height=\"600\" width=\"600\" alt=\"\" class=\"slider-3076 slide-3077\" title=\"WhatsApp Image 2024-12-09 at 15.09.29\" \/><\/li>\n                <li style=\"display: none; width: 100%;\" class=\"slide-3079 ms-image \" aria-roledescription=\"slide\" aria-label=\"slide-3079\" data-date=\"2024-12-09 19:23:05\"><img loading=\"lazy\" decoding=\"async\" src=\"https:\/\/adler-kultur.de\/wp-content\/uploads\/2024\/12\/WhatsApp-Image-2024-12-09-at-15.09.29-1-600x600.jpeg\" height=\"600\" width=\"600\" alt=\"\" class=\"slider-3076 slide-3079\" title=\"WhatsApp Image 2024-12-09 at 15.09.29 (1)\" \/><\/li>\n                <li style=\"display: none; width: 100%;\" class=\"slide-3080 ms-image \" aria-roledescription=\"slide\" aria-label=\"slide-3080\" data-date=\"2024-12-09 19:23:05\"><img loading=\"lazy\" decoding=\"async\" src=\"https:\/\/adler-kultur.de\/wp-content\/uploads\/2024\/12\/WhatsApp-Image-2024-12-09-at-15.09.30-600x600.jpeg\" height=\"600\" width=\"600\" alt=\"\" class=\"slider-3076 slide-3080\" title=\"WhatsApp Image 2024-12-09 at 15.09.30\" \/><\/li>\n                <li style=\"display: none; width: 100%;\" class=\"slide-3081 ms-image \" aria-roledescription=\"slide\" aria-label=\"slide-3081\" data-date=\"2024-12-09 19:23:05\"><img loading=\"lazy\" decoding=\"async\" src=\"https:\/\/adler-kultur.de\/wp-content\/uploads\/2024\/12\/WhatsApp-Image-2024-12-09-at-15.09.30-1-600x600.jpeg\" height=\"600\" width=\"600\" alt=\"\" class=\"slider-3076 slide-3081\" title=\"WhatsApp Image 2024-12-09 at 15.09.30 (1)\" \/><\/li>\n                <li style=\"display: none; width: 100%;\" class=\"slide-3114 ms-image \" aria-roledescription=\"slide\" aria-label=\"slide-3114\" data-date=\"2024-12-10 16:07:43\"><img loading=\"lazy\" decoding=\"async\" src=\"https:\/\/adler-kultur.de\/wp-content\/uploads\/2024\/12\/WhatsApp-Image-2024-12-09-at-15.09.30-2-600x600.jpeg\" height=\"600\" width=\"600\" alt=\"\" class=\"slider-3076 slide-3114\" title=\"WhatsApp Image 2024-12-09 at 15.09.30 (2)\" \/><\/li>\n                <li style=\"display: none; width: 100%;\" class=\"slide-3115 ms-image \" aria-roledescription=\"slide\" aria-label=\"slide-3115\" data-date=\"2024-12-10 16:07:44\"><img loading=\"lazy\" decoding=\"async\" src=\"https:\/\/adler-kultur.de\/wp-content\/uploads\/2024\/12\/WhatsApp-Image-2024-12-09-at-15.09.30-3-600x600.jpeg\" height=\"600\" width=\"600\" alt=\"\" class=\"slider-3076 slide-3115\" title=\"WhatsApp Image 2024-12-09 at 15.09.30 (3)\" \/><\/li>\n            <\/ul>\n        <\/div>\n        \n    <\/div>\n<\/div>\n\n\n\n<hr class=\"wp-block-separator has-alpha-channel-opacity\"\/>\n\n\n\n<h2 class=\"wp-block-heading\">PRESSE<\/h2>\n\n\n\n<p class=\"has-white-color has-text-color\">Es gibt ein paar sch\u00f6ne Artikel \u00fcber unser Veranstaltungsreihe und \u00fcber die Geschichten dahinter. Schaut doch gerne einmal rein. Hier findet Ihr eine kleine Auswahl an Links: <\/p>\n\n\n\n<p class=\"has-pink-color has-text-color has-link-color wp-elements-e9fabdb042f39212e94b9068cf6a9a60\"><a href=\"https:\/\/rp-online.de\/nrw\/staedte\/rheinberg\/rheinberg-die-reihe-pflug-und-segen-im-schwarzen-adler-laeuft-im-fuenften-jahr_aid-111977515\">Pflug &amp; Segen holt gro\u00dfe Namen in kleinen Ort<\/a><br><br><a href=\"https:\/\/rp-online.de\/nrw\/staedte\/rheinberg\/rheiberg-pflug-und-segen-bringt-die-grossstadt-szene-aufs-dorf_aid-55989479\" target=\"_blank\" rel=\"noreferrer noopener nofollow\">Pflug &amp; Segen bringt Gro\u00dfstadt-Szene aufs Dorf<\/a><\/p>\n\n\n\n<p class=\"has-pink-color has-text-color has-link-color wp-elements-9b1ed0c1040ea439e28653f2f371bff1\"><a href=\"https:\/\/rp-online.de\/nrw\/staedte\/rheinberg\/rheinberg-geschichten-am-dorf-lagerfeuer_aid-65306669\">Geschichten am Dorf-Lagerfeuer<\/a><\/p>\n\n\n\n<p class=\"has-pink-color has-text-color has-link-color wp-elements-409fcf1b5ba3e1cb85b879f8ec3ecebb\"><a href=\"https:\/\/rp-online.de\/nrw\/staedte\/rheinberg\/rheinberg-der-schwarze-adler-holt-mit-pflug-und-segen-junge-musiker-ins-dorf_aid-86079121\">Pflug &amp; Segen holt junge Musiker aufs Dorf<\/a><\/p>\n\n\n\n<p class=\"has-pink-color has-text-color has-link-color wp-elements-095ea8a879adc1ba74d0cf8c88f2f7b1\"><a href=\"https:\/\/rp-online.de\/nrw\/staedte\/rheinberg\/rheinberg-lokaler-kulturbetrieb-erholt-sich-schleppend_aid-76072221\">\u00dcber Kulturbetrieb in Pandemie-Zeiten<\/a><\/p>\n\n\n\n<h2 class=\"wp-block-heading\">GESPR\u00c4CHE &amp; VORTR\u00c4GE<\/h2>\n\n\n\n<p class=\"has-white-color has-text-color\">Wer zu den Themen &#8222;Kultur in l\u00e4ndlichen Regionen&#8220; und &#8222;Markenaufbau, Kommunikation und co.&#8220; mit uns ins Gespr\u00e4ch kommen oder uns f\u00fcr einen Vortrag\/Workshop zu diesen Themen einladen mag \u2013 sprecht uns gerne bei Konzerten an oder schreibt uns eine E-Mail. Wir freuen uns auf den Austausch!<\/p>\n\n\n","protected":false},"excerpt":{"rendered":"<p>Mit \u201ePflug und Segen\u201d startete 2020 eine neue Veranstaltungsreihe am Niederrhein mit dickem Herzen f\u00fcr Indie-Musik &amp; Landluft. Gro\u00dfstadtkl\u00e4nge auf das Dorf lotsen, so der Plan. Eine Win-win-Situation: F\u00fcr die<\/p>\n<p class=\"more-link\"><a href=\"https:\/\/adler-kultur.de\/index.php\/pflug-und-segen\/\" class=\"readmore\">weiter lesen&#8230;<span class=\"screen-reader-text\">Pflug und Segen<\/span><\/a><\/p>\n","protected":false},"author":1,"featured_media":175,"parent":0,"menu_order":0,"comment_status":"closed","ping_status":"closed","template":"","meta":{"footnotes":""},"class_list":["post-237","page","type-page","status-publish","has-post-thumbnail","hentry"],"yoast_head":"<!-- This site is optimized with the Yoast SEO plugin v24.8.1 - https:\/\/yoast.com\/wordpress\/plugins\/seo\/ -->\n<title>Pflug und Segen -<\/title>\n<meta name=\"robots\" content=\"index, follow, max-snippet:-1, max-image-preview:large, max-video-preview:-1\" \/>\n<link rel=\"canonical\" href=\"https:\/\/adler-kultur.de\/index.php\/pflug-und-segen\/\" \/>\n<meta property=\"og:locale\" content=\"de_DE\" \/>\n<meta property=\"og:type\" content=\"article\" \/>\n<meta property=\"og:title\" content=\"Pflug und Segen -\" \/>\n<meta property=\"og:description\" content=\"Mit \u201ePflug und Segen\u201d startete 2020 eine neue Veranstaltungsreihe am Niederrhein mit dickem Herzen f\u00fcr Indie-Musik &amp; Landluft. Gro\u00dfstadtkl\u00e4nge auf das Dorf lotsen, so der Plan. Eine Win-win-Situation: F\u00fcr dieweiter lesen...Pflug und Segen\" \/>\n<meta property=\"og:url\" content=\"https:\/\/adler-kultur.de\/index.php\/pflug-und-segen\/\" \/>\n<meta property=\"article:modified_time\" content=\"2025-08-19T12:11:41+00:00\" \/>\n<meta property=\"og:image\" content=\"https:\/\/adler-kultur.de\/wp-content\/uploads\/2020\/01\/logo.png\" \/>\n\t<meta property=\"og:image:width\" content=\"348\" \/>\n\t<meta property=\"og:image:height\" content=\"319\" \/>\n\t<meta property=\"og:image:type\" content=\"image\/png\" \/>\n<meta name=\"twitter:card\" content=\"summary_large_image\" \/>\n<meta name=\"twitter:label1\" content=\"Gesch\u00e4tzte Lesezeit\" \/>\n\t<meta name=\"twitter:data1\" content=\"5\u00a0Minuten\" \/>\n<script type=\"application\/ld+json\" class=\"yoast-schema-graph\">{\"@context\":\"https:\/\/schema.org\",\"@graph\":[{\"@type\":\"WebPage\",\"@id\":\"https:\/\/adler-kultur.de\/index.php\/pflug-und-segen\/\",\"url\":\"https:\/\/adler-kultur.de\/index.php\/pflug-und-segen\/\",\"name\":\"Pflug und Segen -\",\"isPartOf\":{\"@id\":\"https:\/\/adler-kultur.de\/#website\"},\"primaryImageOfPage\":{\"@id\":\"https:\/\/adler-kultur.de\/index.php\/pflug-und-segen\/#primaryimage\"},\"image\":{\"@id\":\"https:\/\/adler-kultur.de\/index.php\/pflug-und-segen\/#primaryimage\"},\"thumbnailUrl\":\"https:\/\/adler-kultur.de\/wp-content\/uploads\/2020\/01\/logo.png\",\"datePublished\":\"2020-01-06T16:53:37+00:00\",\"dateModified\":\"2025-08-19T12:11:41+00:00\",\"breadcrumb\":{\"@id\":\"https:\/\/adler-kultur.de\/index.php\/pflug-und-segen\/#breadcrumb\"},\"inLanguage\":\"de\",\"potentialAction\":[{\"@type\":\"ReadAction\",\"target\":[\"https:\/\/adler-kultur.de\/index.php\/pflug-und-segen\/\"]}]},{\"@type\":\"ImageObject\",\"inLanguage\":\"de\",\"@id\":\"https:\/\/adler-kultur.de\/index.php\/pflug-und-segen\/#primaryimage\",\"url\":\"https:\/\/adler-kultur.de\/wp-content\/uploads\/2020\/01\/logo.png\",\"contentUrl\":\"https:\/\/adler-kultur.de\/wp-content\/uploads\/2020\/01\/logo.png\",\"width\":348,\"height\":319},{\"@type\":\"BreadcrumbList\",\"@id\":\"https:\/\/adler-kultur.de\/index.php\/pflug-und-segen\/#breadcrumb\",\"itemListElement\":[{\"@type\":\"ListItem\",\"position\":1,\"name\":\"Home\",\"item\":\"https:\/\/adler-kultur.de\/\"},{\"@type\":\"ListItem\",\"position\":2,\"name\":\"Pflug und Segen\"}]},{\"@type\":\"WebSite\",\"@id\":\"https:\/\/adler-kultur.de\/#website\",\"url\":\"https:\/\/adler-kultur.de\/\",\"name\":\"\",\"description\":\"\",\"potentialAction\":[{\"@type\":\"SearchAction\",\"target\":{\"@type\":\"EntryPoint\",\"urlTemplate\":\"https:\/\/adler-kultur.de\/?s={search_term_string}\"},\"query-input\":{\"@type\":\"PropertyValueSpecification\",\"valueRequired\":true,\"valueName\":\"search_term_string\"}}],\"inLanguage\":\"de\"}]}<\/script>\n<!-- \/ Yoast SEO plugin. -->","yoast_head_json":{"title":"Pflug und Segen -","robots":{"index":"index","follow":"follow","max-snippet":"max-snippet:-1","max-image-preview":"max-image-preview:large","max-video-preview":"max-video-preview:-1"},"canonical":"https:\/\/adler-kultur.de\/index.php\/pflug-und-segen\/","og_locale":"de_DE","og_type":"article","og_title":"Pflug und Segen -","og_description":"Mit \u201ePflug und Segen\u201d startete 2020 eine neue Veranstaltungsreihe am Niederrhein mit dickem Herzen f\u00fcr Indie-Musik &amp; Landluft. Gro\u00dfstadtkl\u00e4nge auf das Dorf lotsen, so der Plan. Eine Win-win-Situation: F\u00fcr dieweiter lesen...Pflug und Segen","og_url":"https:\/\/adler-kultur.de\/index.php\/pflug-und-segen\/","article_modified_time":"2025-08-19T12:11:41+00:00","og_image":[{"width":348,"height":319,"url":"https:\/\/adler-kultur.de\/wp-content\/uploads\/2020\/01\/logo.png","type":"image\/png"}],"twitter_card":"summary_large_image","twitter_misc":{"Gesch\u00e4tzte Lesezeit":"5\u00a0Minuten"},"schema":{"@context":"https:\/\/schema.org","@graph":[{"@type":"WebPage","@id":"https:\/\/adler-kultur.de\/index.php\/pflug-und-segen\/","url":"https:\/\/adler-kultur.de\/index.php\/pflug-und-segen\/","name":"Pflug und Segen -","isPartOf":{"@id":"https:\/\/adler-kultur.de\/#website"},"primaryImageOfPage":{"@id":"https:\/\/adler-kultur.de\/index.php\/pflug-und-segen\/#primaryimage"},"image":{"@id":"https:\/\/adler-kultur.de\/index.php\/pflug-und-segen\/#primaryimage"},"thumbnailUrl":"https:\/\/adler-kultur.de\/wp-content\/uploads\/2020\/01\/logo.png","datePublished":"2020-01-06T16:53:37+00:00","dateModified":"2025-08-19T12:11:41+00:00","breadcrumb":{"@id":"https:\/\/adler-kultur.de\/index.php\/pflug-und-segen\/#breadcrumb"},"inLanguage":"de","potentialAction":[{"@type":"ReadAction","target":["https:\/\/adler-kultur.de\/index.php\/pflug-und-segen\/"]}]},{"@type":"ImageObject","inLanguage":"de","@id":"https:\/\/adler-kultur.de\/index.php\/pflug-und-segen\/#primaryimage","url":"https:\/\/adler-kultur.de\/wp-content\/uploads\/2020\/01\/logo.png","contentUrl":"https:\/\/adler-kultur.de\/wp-content\/uploads\/2020\/01\/logo.png","width":348,"height":319},{"@type":"BreadcrumbList","@id":"https:\/\/adler-kultur.de\/index.php\/pflug-und-segen\/#breadcrumb","itemListElement":[{"@type":"ListItem","position":1,"name":"Home","item":"https:\/\/adler-kultur.de\/"},{"@type":"ListItem","position":2,"name":"Pflug und Segen"}]},{"@type":"WebSite","@id":"https:\/\/adler-kultur.de\/#website","url":"https:\/\/adler-kultur.de\/","name":"","description":"","potentialAction":[{"@type":"SearchAction","target":{"@type":"EntryPoint","urlTemplate":"https:\/\/adler-kultur.de\/?s={search_term_string}"},"query-input":{"@type":"PropertyValueSpecification","valueRequired":true,"valueName":"search_term_string"}}],"inLanguage":"de"}]}},"jetpack_sharing_enabled":true,"_links":{"self":[{"href":"https:\/\/adler-kultur.de\/index.php\/wp-json\/wp\/v2\/pages\/237","targetHints":{"allow":["GET"]}}],"collection":[{"href":"https:\/\/adler-kultur.de\/index.php\/wp-json\/wp\/v2\/pages"}],"about":[{"href":"https:\/\/adler-kultur.de\/index.php\/wp-json\/wp\/v2\/types\/page"}],"author":[{"embeddable":true,"href":"https:\/\/adler-kultur.de\/index.php\/wp-json\/wp\/v2\/users\/1"}],"replies":[{"embeddable":true,"href":"https:\/\/adler-kultur.de\/index.php\/wp-json\/wp\/v2\/comments?post=237"}],"version-history":[{"count":98,"href":"https:\/\/adler-kultur.de\/index.php\/wp-json\/wp\/v2\/pages\/237\/revisions"}],"predecessor-version":[{"id":16054,"href":"https:\/\/adler-kultur.de\/index.php\/wp-json\/wp\/v2\/pages\/237\/revisions\/16054"}],"wp:featuredmedia":[{"embeddable":true,"href":"https:\/\/adler-kultur.de\/index.php\/wp-json\/wp\/v2\/media\/175"}],"wp:attachment":[{"href":"https:\/\/adler-kultur.de\/index.php\/wp-json\/wp\/v2\/media?parent=237"}],"curies":[{"name":"wp","href":"https:\/\/api.w.org\/{rel}","templated":true}]}}